{"id":757,"date":"2023-09-15T14:57:33","date_gmt":"2023-09-15T14:57:33","guid":{"rendered":"https:\/\/plakatytrychologiczne.cfolks.pl\/?post_type=product&#038;p=757"},"modified":"2025-10-29T20:44:10","modified_gmt":"2025-10-29T20:44:10","slug":"tryptyk-trzy-plakaty-trychologiczne","status":"publish","type":"product","link":"https:\/\/trychoplakat.pl\/index.php\/produkt\/tryptyk-trzy-plakaty-trychologiczne\/","title":{"rendered":"Tryptyk &#8211; trzy plakaty trychologiczne"},"content":{"rendered":"<h2 id=\"mcetoc_1fl9q6hq10\">Tryptyk &#8211; czyli trzy plakaty trychologiczne w komplecie<\/h2>\n<p>Komplet plakat\u00f3w, kt\u00f3ry powsta\u0142 specjalnie na \u017cyczenie jednej z klientek, kt\u00f3ra potrzebowa\u0142a plakaty do ma\u0142ego gabinetu, z zamiarem powieszenia ich nad biurkiem.<\/p>\n<p>Podczas ostatniej jesiennej Konferencji Trychologicznej by\u0142a mo\u017cliwos\u0107 nabycia tego kompletu w ramkach (Ikea Fiskbo). Ze wzg\u0119du na mnogo\u015b\u0107 zapyta\u0144 o ten rozmiar plakat\u00f3w, postanowili\u015bmy zrobi\u0107 dodruk, aby umo\u017cliwi\u0107 Pa\u0144stwu zakup przez internet kompletu plakat\u00f3w.<\/p>\n<h3 id=\"mcetoc_1fl9q6hq11\">Rozmiar plakat\u00f3w w tryptyku jest nieco mniejszy ni\u017c dotychczasowe plakaty i wynosi\u00a0<strong>40&#215;50 cm.\u00a0<\/strong><\/h3>\n<p>Komplet zawiera plakaty:<\/p>\n<ul>\n<li>Anatomia w\u0142osa<\/li>\n<li>Struktura w\u0142osa<\/li>\n<li>Fazy wzrostu w\u0142osa (wersja z trzema fazami)<\/li>\n<\/ul>\n<p>Tryptyk sprzedajemy wy\u0142\u0105cznie jako komplet. Nie rozdzielamy poszczeg\u00f3lnych grafik.<\/p>\n<p>Ilo\u015b\u0107 komplet\u00f3w jest ograniczona ilo\u015bciowo.<\/p>\n<p>Tryptyk w wersji wysy\u0142kowej sprzedawany jest bez ramek. Dzi\u0119ki zamieszczonym wizualizacjom chcieli\u015bmy pokaza\u0107 Tobie, jak plakat mo\u017ce wygl\u0105da\u0107 w pomieszczeniu.<\/p>\n<p>Plakat sprzedawany jest w tubie, kt\u00f3r\u0105 przed wysy\u0142k\u0105 dok\u0142adnie zabezpieczamy foli\u0105, aby bezpiecznie dotar\u0142a do miejsca przeznaczenia.<\/p>\n","protected":false},"excerpt":{"rendered":"<p>Trzy plakaty trychologiczne w komplecie. Idealne na mniejsz\u0105 powierzchni\u0119 \u015bciany, nad biurko, albo fotel zabiegowy. Do gabinetu trychologicznego lub do recepcji. Mo\u017cna powiesi\u0107 w pionie i poziomie.<\/p>\n<hr \/>\n<p>Zam\u00f3w przez <strong><a href=\"https:\/\/business.allegro.pl\/uzytkownik\/TrychoBM\" target=\"_blank\" rel=\"noopener\">Allegro<\/a><\/strong> lub panel B2B <strong><a href=\"https:\/\/progab.pl\/progab-hurtownia-online\" target=\"_blank\" rel=\"noopener\">PROGAB.PL<\/a><\/strong><\/p>\n","protected":false},"featured_media":823,"comment_status":"closed","ping_status":"closed","template":"","meta":[],"product_cat":[24],"product_tag":[],"_links":{"self":[{"href":"https:\/\/trychoplakat.pl\/index.php\/wp-json\/wp\/v2\/product\/757"}],"collection":[{"href":"https:\/\/trychoplakat.pl\/index.php\/wp-json\/wp\/v2\/product"}],"about":[{"href":"https:\/\/trychoplakat.pl\/index.php\/wp-json\/wp\/v2\/types\/product"}],"replies":[{"embeddable":true,"href":"https:\/\/trychoplakat.pl\/index.php\/wp-json\/wp\/v2\/comments?post=757"}],"wp:featuredmedia":[{"embeddable":true,"href":"https:\/\/trychoplakat.pl\/index.php\/wp-json\/wp\/v2\/media\/823"}],"wp:attachment":[{"href":"https:\/\/trychoplakat.pl\/index.php\/wp-json\/wp\/v2\/media?parent=757"}],"wp:term":[{"taxonomy":"product_cat","embeddable":true,"href":"https:\/\/trychoplakat.pl\/index.php\/wp-json\/wp\/v2\/product_cat?post=757"},{"taxonomy":"product_tag","embeddable":true,"href":"https:\/\/trychoplakat.pl\/index.php\/wp-json\/wp\/v2\/product_tag?post=757"}],"curies":[{"name":"wp","href":"https:\/\/api.w.org\/{rel}","templated":true}]}}