{"id":96,"date":"2021-07-18T08:40:56","date_gmt":"2021-07-18T08:40:56","guid":{"rendered":"https:\/\/demo.athemes.com\/botiga\/?post_type=product&#038;p=96"},"modified":"2025-10-29T20:40:50","modified_gmt":"2025-10-29T20:40:50","slug":"plakat-unerwienie-wlosa","status":"publish","type":"product","link":"https:\/\/trychoplakat.pl\/index.php\/produkt\/plakat-unerwienie-wlosa\/","title":{"rendered":"Plakat: Unerwienie w\u0142osa"},"content":{"rendered":"<p>Plakat trychologiczny, kt\u00f3ry przedstawia unerwienie w\u0142osa.<\/p>\n<p>Inspiracj\u0105 do powstania plakatu by\u0142o ukazanie si\u0119 na rynku ksi\u0105\u017cki\u00a0<em><strong>&#8222;Neuromasa\u017c. Zdrowie i estetyka twarzy&#8221;\u00a0<\/strong><\/em><em><strong>dr S\u0142awy Po\u0142ocza\u0144skiej-Godek,<\/strong><\/em>\u00a0w kt\u00f3rej\u00a0znalaz\u0142 si\u0119 rodzia\u0142 po\u015bwi\u0119cony\u00a0 trychologii pt.:\u00a0<strong>\u201c<em>Aspekty trychologiczne w neuromasa\u017cu<\/em>\u201d.\u00a0\u00a0<\/strong>(wi\u0119cej o tej publikacji przeczytacie na\u00a0<a href=\"https:\/\/trycholog.info\/neuromasaz-zdrowie-i-estetyka-twarzy\/\" target=\"_blank\" rel=\"noopener noreferrer\">Trycholog.info<\/a>)<\/p>\n<p>Plakat konsultowany z autork\u0105.<\/p>\n<p>Mamy nadziej\u0119, \u017ce przyda si\u0119 nie tylko trychologom, ale te\u017c fanom masa\u017cu sk\u00f3ry g\u0142owy.<\/p>\n<p>&#8211; &#8211; &#8211;<\/p>\n<p>Mo\u017ce by\u0107 wykorzystany zar\u00f3wno w gabinecie trychologicznym, jak i kosmetologicznym czy fryzjerskim. Plakat pe\u0142ni rol\u0119 informacyjn\u0105 i edukacyjn\u0105.<\/p>\n<p>Plakat w formacie B2 (50x70cm) drukowany jest na wysokiej jako\u015bci papierze: kreda satyna 200g.<\/p>\n<p>Taki dob\u00f3r papieru pozwala na odpowiednie uwidocznienie grafiki. Ewentualne r\u00f3\u017cnice w barwach i odcieniach wydruku mog\u0105 wynika\u0107 z indywidualnych ustawienie\u0144 monitora.<\/p>\n<p>Produkt sprzedawany jest bez ramy. Dzi\u0119ki zamieszczonym wizualizacjom chcieli\u015bmy pom\u00f3c Tobie w wyborze plakatu, kt\u00f3ry b\u0119dzie nalepiej pasowa\u0142 do Twojego wn\u0119trza.<\/p>\n<p>Plakat sprzedawany jest w tubie, kt\u00f3r\u0105 przed wysy\u0142k\u0105 dok\u0142adnie zabezpieczamy foli\u0105, aby bezpiecznie dotar\u0142a do miejsca przeznaczenia.<\/p>\n<p>Jeste\u015b zainteresowany innym rozmiarem? Napisz do nas!<\/p>\n<hr \/>\n<p>Copyright 2022 by Beauty Management Sp. z o.o.<\/p>\n","protected":false},"excerpt":{"rendered":"<p>Plakat przedstawia w jaki spos\u00f3b jest unerwiony w\u0142os. U\u0142atwia zrozumienie procesu neuromasa\u017cu, jego wra\u017cliwo\u015bci na bod\u017ace zewn\u0119trzne.<\/p>\n<hr \/>\n<p>Zam\u00f3w przez <strong><a href=\"https:\/\/business.allegro.pl\/uzytkownik\/TrychoBM\" target=\"_blank\" rel=\"noopener\">Allegro<\/a><\/strong> lub panel B2B <strong><a href=\"https:\/\/progab.pl\/progab-hurtownia-online\" target=\"_blank\" rel=\"noopener\">PROGAB.PL<\/a><\/strong><\/p>\n","protected":false},"featured_media":738,"comment_status":"closed","ping_status":"closed","template":"","meta":[],"product_cat":[24],"product_tag":[],"_links":{"self":[{"href":"https:\/\/trychoplakat.pl\/index.php\/wp-json\/wp\/v2\/product\/96"}],"collection":[{"href":"https:\/\/trychoplakat.pl\/index.php\/wp-json\/wp\/v2\/product"}],"about":[{"href":"https:\/\/trychoplakat.pl\/index.php\/wp-json\/wp\/v2\/types\/product"}],"replies":[{"embeddable":true,"href":"https:\/\/trychoplakat.pl\/index.php\/wp-json\/wp\/v2\/comments?post=96"}],"wp:featuredmedia":[{"embeddable":true,"href":"https:\/\/trychoplakat.pl\/index.php\/wp-json\/wp\/v2\/media\/738"}],"wp:attachment":[{"href":"https:\/\/trychoplakat.pl\/index.php\/wp-json\/wp\/v2\/media?parent=96"}],"wp:term":[{"taxonomy":"product_cat","embeddable":true,"href":"https:\/\/trychoplakat.pl\/index.php\/wp-json\/wp\/v2\/product_cat?post=96"},{"taxonomy":"product_tag","embeddable":true,"href":"https:\/\/trychoplakat.pl\/index.php\/wp-json\/wp\/v2\/product_tag?post=96"}],"curies":[{"name":"wp","href":"https:\/\/api.w.org\/{rel}","templated":true}]}}